{"id":28040,"date":"2021-02-09T14:33:44","date_gmt":"2021-02-09T14:33:44","guid":{"rendered":"https:\/\/www.open-up.ch\/%e1%8e%97-livio-fuerer\/"},"modified":"2024-07-07T09:33:53","modified_gmt":"2024-07-07T09:33:53","slug":"livio-fuerer","status":"publish","type":"page","link":"https:\/\/www.open-up.ch\/fr\/equipe\/livio-fuerer\/","title":{"rendered":"\u1397 Livio F\u00fcrer"},"content":{"rendered":"\t\t<div data-elementor-type=\"wp-post\" data-elementor-id=\"28040\" class=\"elementor elementor-28040 elementor-17772\" data-elementor-post-type=\"page\">\n\t\t\t\t\t\t<section class=\"elementor-section elementor-top-section elementor-element elementor-element-6c4aa13 elementor-section-full_width elementor-section-height-min-height headimg elementor-section-height-default elementor-section-items-middle\" data-id=\"6c4aa13\" data-element_type=\"section\" data-e-type=\"section\" data-settings=\"{&quot;background_background&quot;:&quot;classic&quot;}\">\n\t\t\t\t\t\t\t<div class=\"elementor-background-overlay\"><\/div>\n\t\t\t\t\t\t\t<div class=\"elementor-container elementor-column-gap-default\">\n\t\t\t\t\t<div class=\"elementor-column elementor-col-100 elementor-top-column elementor-element elementor-element-34b50c7\" data-id=\"34b50c7\" data-element_type=\"column\" data-e-type=\"column\">\n\t\t\t<div class=\"elementor-widget-wrap elementor-element-populated\">\n\t\t\t\t\t\t<div class=\"elementor-element elementor-element-f4f6f96 elementor-widget elementor-widget-spacer\" data-id=\"f4f6f96\" data-element_type=\"widget\" data-e-type=\"widget\" data-widget_type=\"spacer.default\">\n\t\t\t\t<div class=\"elementor-widget-container\">\n\t\t\t\t\t\t\t<div class=\"elementor-spacer\">\n\t\t\t<div class=\"elementor-spacer-inner\"><\/div>\n\t\t<\/div>\n\t\t\t\t\t\t<\/div>\n\t\t\t\t<\/div>\n\t\t\t\t\t<\/div>\n\t\t<\/div>\n\t\t\t\t\t<\/div>\n\t\t<\/section>\n\t\t\t\t<section class=\"elementor-section elementor-top-section elementor-element elementor-element-2243d92 elementor-section-full_width left right headf elementor-section-height-default elementor-section-height-default\" data-id=\"2243d92\" data-element_type=\"section\" data-e-type=\"section\" data-settings=\"{&quot;background_background&quot;:&quot;classic&quot;}\">\n\t\t\t\t\t\t<div class=\"elementor-container elementor-column-gap-default\">\n\t\t\t\t\t<div class=\"elementor-column elementor-col-100 elementor-top-column elementor-element elementor-element-f4c4e83\" data-id=\"f4c4e83\" data-element_type=\"column\" data-e-type=\"column\">\n\t\t\t<div class=\"elementor-widget-wrap elementor-element-populated\">\n\t\t\t\t\t\t<div class=\"elementor-element elementor-element-dcfeca1 h1_bullet elementor-widget elementor-widget-text-editor\" data-id=\"dcfeca1\" data-element_type=\"widget\" data-e-type=\"widget\" id=\"test\" data-widget_type=\"text-editor.default\">\n\t\t\t\t<div class=\"elementor-widget-container\">\n\t\t\t\t\t\t\t\t\t<h2>Livio F\u00fcrer<\/h2>\t\t\t\t\t\t\t\t<\/div>\n\t\t\t\t<\/div>\n\t\t\t\t\t<\/div>\n\t\t<\/div>\n\t\t\t\t\t<\/div>\n\t\t<\/section>\n\t\t\t\t<section class=\"elementor-section elementor-top-section elementor-element elementor-element-ff6ed9d elementor-section-full_width chlr elementor-section-height-default elementor-section-height-default\" data-id=\"ff6ed9d\" data-element_type=\"section\" data-e-type=\"section\" data-settings=\"{&quot;background_background&quot;:&quot;classic&quot;}\">\n\t\t\t\t\t\t<div class=\"elementor-container elementor-column-gap-default\">\n\t\t\t\t\t<div class=\"elementor-column elementor-col-16 elementor-top-column elementor-element elementor-element-b8f2122\" data-id=\"b8f2122\" data-element_type=\"column\" data-e-type=\"column\">\n\t\t\t<div class=\"elementor-widget-wrap elementor-element-populated\">\n\t\t\t\t\t\t<div class=\"elementor-element elementor-element-ea40843 elementor-view-default elementor-widget elementor-widget-icon\" data-id=\"ea40843\" data-element_type=\"widget\" data-e-type=\"widget\" data-widget_type=\"icon.default\">\n\t\t\t\t<div class=\"elementor-widget-container\">\n\t\t\t\t\t\t\t<div class=\"elementor-icon-wrapper\">\n\t\t\t<a class=\"elementor-icon\" href=\"https:\/\/www.open-up.ch\/fr\/equipe\/kilian-borter\/\">\n\t\t\t<i aria-hidden=\"true\" class=\"fas fa-chevron-left\"><\/i>\t\t\t<\/a>\n\t\t<\/div>\n\t\t\t\t\t\t<\/div>\n\t\t\t\t<\/div>\n\t\t\t\t\t<\/div>\n\t\t<\/div>\n\t\t\t\t<div class=\"elementor-column elementor-col-66 elementor-top-column elementor-element elementor-element-1c70f3e\" data-id=\"1c70f3e\" data-element_type=\"column\" data-e-type=\"column\">\n\t\t\t<div class=\"elementor-widget-wrap\">\n\t\t\t\t\t\t\t<\/div>\n\t\t<\/div>\n\t\t\t\t<div class=\"elementor-column elementor-col-16 elementor-top-column elementor-element elementor-element-0b835f5\" data-id=\"0b835f5\" data-element_type=\"column\" data-e-type=\"column\">\n\t\t\t<div class=\"elementor-widget-wrap elementor-element-populated\">\n\t\t\t\t\t\t<div class=\"elementor-element elementor-element-3e38181 elementor-view-default elementor-widget elementor-widget-icon\" data-id=\"3e38181\" data-element_type=\"widget\" data-e-type=\"widget\" data-widget_type=\"icon.default\">\n\t\t\t\t<div class=\"elementor-widget-container\">\n\t\t\t\t\t\t\t<div class=\"elementor-icon-wrapper\">\n\t\t\t<a class=\"elementor-icon\" href=\"https:\/\/www.open-up.ch\/fr\/equipe\/%e1%8e%97-maria-antonietta-potsios\/\">\n\t\t\t<i aria-hidden=\"true\" class=\"fas fa-chevron-right\"><\/i>\t\t\t<\/a>\n\t\t<\/div>\n\t\t\t\t\t\t<\/div>\n\t\t\t\t<\/div>\n\t\t\t\t\t<\/div>\n\t\t<\/div>\n\t\t\t\t\t<\/div>\n\t\t<\/section>\n\t\t\t\t<section class=\"elementor-section elementor-top-section elementor-element elementor-element-6d84a84 elementor-section-full_width left elementor-hidden-tablet elementor-hidden-phone elementor-section-height-default elementor-section-height-default\" data-id=\"6d84a84\" data-element_type=\"section\" data-e-type=\"section\" data-settings=\"{&quot;background_background&quot;:&quot;classic&quot;}\">\n\t\t\t\t\t\t<div class=\"elementor-container elementor-column-gap-default\">\n\t\t\t\t\t<div class=\"elementor-column elementor-col-50 elementor-top-column elementor-element elementor-element-8348b3b\" data-id=\"8348b3b\" data-element_type=\"column\" data-e-type=\"column\">\n\t\t\t<div class=\"elementor-widget-wrap elementor-element-populated\">\n\t\t\t\t\t\t<div class=\"elementor-element elementor-element-bc976b9 elementor-widget elementor-widget-text-editor\" data-id=\"bc976b9\" data-element_type=\"widget\" data-e-type=\"widget\" data-widget_type=\"text-editor.default\">\n\t\t\t\t<div class=\"elementor-widget-container\">\n\t\t\t\t\t\t\t\t\t<h2><strong>Lieu pr\u00e9f\u00e9r\u00e9<\/strong><\/h2>\t\t\t\t\t\t\t\t<\/div>\n\t\t\t\t<\/div>\n\t\t\t\t<div class=\"elementor-element elementor-element-0903826 elementor-widget elementor-widget-text-editor\" data-id=\"0903826\" data-element_type=\"widget\" data-e-type=\"widget\" data-widget_type=\"text-editor.default\">\n\t\t\t\t<div class=\"elementor-widget-container\">\n\t\t\t\t\t\t\t\t\t<p>Ces derni\u00e8res ann\u00e9es, la Werdinsel est devenue mon lieu pr\u00e9f\u00e9r\u00e9 \u00e0 Zurich, car l&#8217;\u00eele, situ\u00e9e entre la Limmat et un canal d&#8217;eau artificiel, relie de nombreuses choses que j&#8217;aime les dimanches, \u00e0 toutes les saisons. Depuis que je suis en ville, mon fief se trouve dans le Kreis 6, pr\u00e8s du K\u00e4ferberg \u2013 o\u00f9 je vis. J&#8217;aime la for\u00eat et la vue sur la cit\u00e9. Mais j&#8217;appr\u00e9cie encore plus la promenade \u00e0 travers la for\u00eat, puis \u00e0 travers les quartiers de H\u00f6ngger, jusqu&#8217;\u00e0 \u00e0 l&#8217;extr\u00e9mit\u00e9-est de la Werdinsel.<\/p><p>Petite anecdote au passage : le nom &#8220;Werd&#8221; veut dire &#8220;\u00eele&#8221; en ancien et moyen haut allemand. Ce n&#8217;est que plus tard, lorsque la signification avait \u00e9t\u00e9 oubli\u00e9e, que l&#8217;on a ajout\u00e9 le compl\u00e9ment &#8220;\u00eele&#8221;. C&#8217;est pour cela qu&#8217;aujourd&#8217;hui, l&#8217;\u00eele de Werd s&#8217;appelle en fait Inselinsel.<\/p>\t\t\t\t\t\t\t\t<\/div>\n\t\t\t\t<\/div>\n\t\t\t\t<div class=\"elementor-element elementor-element-1ad9135 elementor-widget elementor-widget-text-editor\" data-id=\"1ad9135\" data-element_type=\"widget\" data-e-type=\"widget\" data-widget_type=\"text-editor.default\">\n\t\t\t\t<div class=\"elementor-widget-container\">\n\t\t\t\t\t\t\t\t\t<p>En \u00e9t\u00e9, elle n&#8217;est pas seulement un endroit merveilleux o\u00f9 l&#8217;on peut se baigner et se rafra\u00eechir dans la Limmat. Il vaut \u00e9galement la peine de s&#8217;arr\u00eater quelques instants au barrage de H\u00f6ngger pour observer les nombreux adeptes qui sortent de l&#8217;eau leurs canots pneumatiques, licornes et autres moyens de locomotion flottants, les tra\u00eenent p\u00e9niblement sur la terre ferme pour les remettre \u00e0 l&#8217;eau en aval du barrage. Une histoire sans fin\u2026mais tellement magique.<\/p><p>D\u00e8s que les temp\u00e9ratures baissent, outre les arbres qui perdent leurs feuilles, la client\u00e8le de la Werdinsel change \u00e9galement. Les baigneurs disparaissent et laissent place aux animaux, notamment aux oiseaux. Le long de la rivi\u00e8re, on peut observer des mouettes, des canards et de nombreuses autres esp\u00e8ces de volatiles qui, pendant les mois les plus froids, migrent du nord vers le sud de Zurich pour y passer l&#8217;hiver.<\/p><p>Enfin, au printemps, cela vaut la peine de prolonger un peu les promenades et de fl\u00e2ner en direction de la gare centrale. La Werdinsel est donc pour moi \u00e0 la fois une destination, une pause et un point de d\u00e9part &#8211; cette richesse en fait mon lieu pr\u00e9f\u00e9r\u00e9.<\/p>\t\t\t\t\t\t\t\t<\/div>\n\t\t\t\t<\/div>\n\t\t\t\t\t<\/div>\n\t\t<\/div>\n\t\t\t\t<div class=\"elementor-column elementor-col-50 elementor-top-column elementor-element elementor-element-2f0fdc2\" data-id=\"2f0fdc2\" data-element_type=\"column\" data-e-type=\"column\">\n\t\t\t<div class=\"elementor-widget-wrap elementor-element-populated\">\n\t\t\t\t\t\t<div class=\"elementor-element elementor-element-ec21a53 elementor-widget elementor-widget-image\" data-id=\"ec21a53\" data-element_type=\"widget\" data-e-type=\"widget\" data-widget_type=\"image.default\">\n\t\t\t\t<div class=\"elementor-widget-container\">\n\t\t\t\t\t\t\t\t\t\t\t\t\t\t\t<img fetchpriority=\"high\" decoding=\"async\" width=\"960\" height=\"640\" src=\"https:\/\/www.open-up.ch\/wp-content\/uploads\/2021\/02\/210205-wehr-wasser-1024x683.jpg\" class=\"attachment-large size-large wp-image-27220\" alt=\"\" srcset=\"https:\/\/www.open-up.ch\/wp-content\/uploads\/2021\/02\/210205-wehr-wasser-1024x683.jpg 1024w, https:\/\/www.open-up.ch\/wp-content\/uploads\/2021\/02\/210205-wehr-wasser-300x200.jpg 300w, https:\/\/www.open-up.ch\/wp-content\/uploads\/2021\/02\/210205-wehr-wasser-768x512.jpg 768w, https:\/\/www.open-up.ch\/wp-content\/uploads\/2021\/02\/210205-wehr-wasser-1536x1024.jpg 1536w, https:\/\/www.open-up.ch\/wp-content\/uploads\/2021\/02\/210205-wehr-wasser-2048x1366.jpg 2048w\" sizes=\"(max-width: 960px) 100vw, 960px\" \/>\t\t\t\t\t\t\t\t\t\t\t\t\t\t\t<\/div>\n\t\t\t\t<\/div>\n\t\t\t\t\t<\/div>\n\t\t<\/div>\n\t\t\t\t\t<\/div>\n\t\t<\/section>\n\t\t\t\t<section class=\"elementor-section elementor-top-section elementor-element elementor-element-cd49bd5 elementor-section-full_width left elementor-hidden-desktop elementor-section-height-default elementor-section-height-default\" data-id=\"cd49bd5\" data-element_type=\"section\" data-e-type=\"section\" data-settings=\"{&quot;background_background&quot;:&quot;classic&quot;}\">\n\t\t\t\t\t\t<div class=\"elementor-container elementor-column-gap-default\">\n\t\t\t\t\t<div class=\"elementor-column elementor-col-50 elementor-top-column elementor-element elementor-element-7399cd1\" data-id=\"7399cd1\" data-element_type=\"column\" data-e-type=\"column\">\n\t\t\t<div class=\"elementor-widget-wrap\">\n\t\t\t\t\t\t\t<\/div>\n\t\t<\/div>\n\t\t\t\t<div class=\"elementor-column elementor-col-50 elementor-top-column elementor-element elementor-element-fcb3f6b\" data-id=\"fcb3f6b\" data-element_type=\"column\" data-e-type=\"column\">\n\t\t\t<div class=\"elementor-widget-wrap elementor-element-populated\">\n\t\t\t\t\t\t<div class=\"elementor-element elementor-element-c50143d elementor-widget elementor-widget-text-editor\" data-id=\"c50143d\" data-element_type=\"widget\" data-e-type=\"widget\" data-widget_type=\"text-editor.default\">\n\t\t\t\t<div class=\"elementor-widget-container\">\n\t\t\t\t\t\t\t\t\t<h2><strong>Lieu pr\u00e9f\u00e9r\u00e9<\/strong><\/h2>\t\t\t\t\t\t\t\t<\/div>\n\t\t\t\t<\/div>\n\t\t\t\t<div class=\"elementor-element elementor-element-ce7ae9e elementor-widget elementor-widget-text-editor\" data-id=\"ce7ae9e\" data-element_type=\"widget\" data-e-type=\"widget\" data-widget_type=\"text-editor.default\">\n\t\t\t\t<div class=\"elementor-widget-container\">\n\t\t\t\t\t\t\t\t\t<p>Ces derni\u00e8res ann\u00e9es, la Werdinsel est devenue mon lieu pr\u00e9f\u00e9r\u00e9 \u00e0 Zurich, car l&#8217;\u00eele, situ\u00e9e entre la Limmat et un canal d&#8217;eau artificiel, relie de nombreuses choses que j&#8217;aime les dimanches, \u00e0 toutes les saisons. Depuis que je suis en ville, mon fief se trouve dans le Kreis 6, pr\u00e8s du K\u00e4ferberg \u2013 o\u00f9 je vis. J&#8217;aime la for\u00eat et la vue sur la cit\u00e9. Mais j&#8217;appr\u00e9cie encore plus la promenade \u00e0 travers la for\u00eat, puis \u00e0 travers les quartiers de H\u00f6ngger, jusqu&#8217;\u00e0 \u00e0 l&#8217;extr\u00e9mit\u00e9-est de la Werdinsel.<\/p><p>Petite anecdote au passage : le nom &#8220;Werd&#8221; veut dire &#8220;\u00eele&#8221; en ancien et moyen haut allemand. Ce n&#8217;est que plus tard, lorsque la signification avait \u00e9t\u00e9 oubli\u00e9e, que l&#8217;on a ajout\u00e9 le compl\u00e9ment &#8220;\u00eele&#8221;. C&#8217;est pour cela qu&#8217;aujourd&#8217;hui, l&#8217;\u00eele de Werd s&#8217;appelle en fait Inselinsel.<\/p>\t\t\t\t\t\t\t\t<\/div>\n\t\t\t\t<\/div>\n\t\t\t\t<div class=\"elementor-element elementor-element-d3f926d elementor-widget elementor-widget-image\" data-id=\"d3f926d\" data-element_type=\"widget\" data-e-type=\"widget\" data-widget_type=\"image.default\">\n\t\t\t\t<div class=\"elementor-widget-container\">\n\t\t\t\t\t\t\t\t\t\t\t\t\t\t\t<img fetchpriority=\"high\" decoding=\"async\" width=\"960\" height=\"640\" src=\"https:\/\/www.open-up.ch\/wp-content\/uploads\/2021\/02\/210205-wehr-wasser-1024x683.jpg\" class=\"attachment-large size-large wp-image-27220\" alt=\"\" srcset=\"https:\/\/www.open-up.ch\/wp-content\/uploads\/2021\/02\/210205-wehr-wasser-1024x683.jpg 1024w, https:\/\/www.open-up.ch\/wp-content\/uploads\/2021\/02\/210205-wehr-wasser-300x200.jpg 300w, https:\/\/www.open-up.ch\/wp-content\/uploads\/2021\/02\/210205-wehr-wasser-768x512.jpg 768w, https:\/\/www.open-up.ch\/wp-content\/uploads\/2021\/02\/210205-wehr-wasser-1536x1024.jpg 1536w, https:\/\/www.open-up.ch\/wp-content\/uploads\/2021\/02\/210205-wehr-wasser-2048x1366.jpg 2048w\" sizes=\"(max-width: 960px) 100vw, 960px\" \/>\t\t\t\t\t\t\t\t\t\t\t\t\t\t\t<\/div>\n\t\t\t\t<\/div>\n\t\t\t\t<div class=\"elementor-element elementor-element-c5345b9 elementor-widget elementor-widget-text-editor\" data-id=\"c5345b9\" data-element_type=\"widget\" data-e-type=\"widget\" data-widget_type=\"text-editor.default\">\n\t\t\t\t<div class=\"elementor-widget-container\">\n\t\t\t\t\t\t\t\t\t<p>En \u00e9t\u00e9, elle n&#8217;est pas seulement un endroit merveilleux o\u00f9 l&#8217;on peut se baigner et se rafra\u00eechir dans la Limmat. Il vaut \u00e9galement la peine de s&#8217;arr\u00eater quelques instants au barrage de H\u00f6ngger pour observer les nombreux adeptes qui sortent de l&#8217;eau leurs canots pneumatiques, licornes et autres moyens de locomotion flottants, les tra\u00eenent p\u00e9niblement sur la terre ferme pour les remettre \u00e0 l&#8217;eau en aval du barrage. Une histoire sans fin\u2026mais tellement magique.<\/p><p>D\u00e8s que les temp\u00e9ratures baissent, outre les arbres qui perdent leurs feuilles, la client\u00e8le de la Werdinsel change \u00e9galement. Les baigneurs disparaissent et laissent place aux animaux, notamment aux oiseaux. Le long de la rivi\u00e8re, on peut observer des mouettes, des canards et de nombreuses autres esp\u00e8ces de volatiles qui, pendant les mois les plus froids, migrent du nord vers le sud de Zurich pour y passer l&#8217;hiver.<\/p><p>Enfin, au printemps, cela vaut la peine de prolonger un peu les promenades et de fl\u00e2ner en direction de la gare centrale. La Werdinsel est donc pour moi \u00e0 la fois une destination, une pause et un point de d\u00e9part &#8211; cette richesse en fait mon lieu pr\u00e9f\u00e9r\u00e9.<\/p>\t\t\t\t\t\t\t\t<\/div>\n\t\t\t\t<\/div>\n\t\t\t\t\t<\/div>\n\t\t<\/div>\n\t\t\t\t\t<\/div>\n\t\t<\/section>\n\t\t\t\t<section class=\"elementor-section elementor-top-section elementor-element elementor-element-1cb7f0d left right elementor-section-boxed elementor-section-height-default elementor-section-height-default\" data-id=\"1cb7f0d\" data-element_type=\"section\" data-e-type=\"section\">\n\t\t\t\t\t\t<div class=\"elementor-container elementor-column-gap-default\">\n\t\t\t\t\t<div class=\"elementor-column elementor-col-25 elementor-top-column elementor-element elementor-element-59bcb60\" data-id=\"59bcb60\" data-element_type=\"column\" data-e-type=\"column\">\n\t\t\t<div class=\"elementor-widget-wrap\">\n\t\t\t\t\t\t\t<\/div>\n\t\t<\/div>\n\t\t\t\t<div class=\"elementor-column elementor-col-50 elementor-top-column elementor-element elementor-element-e8d0375\" data-id=\"e8d0375\" data-element_type=\"column\" data-e-type=\"column\">\n\t\t\t<div class=\"elementor-widget-wrap\">\n\t\t\t\t\t\t\t<\/div>\n\t\t<\/div>\n\t\t\t\t<div class=\"elementor-column elementor-col-25 elementor-top-column elementor-element elementor-element-4be1e97\" data-id=\"4be1e97\" data-element_type=\"column\" data-e-type=\"column\">\n\t\t\t<div class=\"elementor-widget-wrap\">\n\t\t\t\t\t\t\t<\/div>\n\t\t<\/div>\n\t\t\t\t\t<\/div>\n\t\t<\/section>\n\t\t\t\t<section class=\"elementor-section elementor-top-section elementor-element elementor-element-12bf02a elementor-section-full_width left right elementor-section-height-default elementor-section-height-default\" data-id=\"12bf02a\" data-element_type=\"section\" data-e-type=\"section\" data-settings=\"{&quot;background_background&quot;:&quot;classic&quot;}\">\n\t\t\t\t\t\t<div class=\"elementor-container elementor-column-gap-default\">\n\t\t\t\t\t<div class=\"elementor-column elementor-col-100 elementor-top-column elementor-element elementor-element-27ae524\" data-id=\"27ae524\" data-element_type=\"column\" data-e-type=\"column\">\n\t\t\t<div class=\"elementor-widget-wrap elementor-element-populated\">\n\t\t\t\t\t\t<div class=\"elementor-element elementor-element-f791068 elementor-widget elementor-widget-text-editor\" data-id=\"f791068\" data-element_type=\"widget\" data-e-type=\"widget\" data-widget_type=\"text-editor.default\">\n\t\t\t\t<div class=\"elementor-widget-container\">\n\t\t\t\t\t\t\t\t\t<h2><strong>Parcours professionnel<\/strong><\/h2>\t\t\t\t\t\t\t\t<\/div>\n\t\t\t\t<\/div>\n\t\t\t\t<div class=\"elementor-element elementor-element-1bfc575 elementor-widget elementor-widget-image\" data-id=\"1bfc575\" data-element_type=\"widget\" data-e-type=\"widget\" data-widget_type=\"image.default\">\n\t\t\t\t<div class=\"elementor-widget-container\">\n\t\t\t\t\t\t\t\t\t\t\t\t\t\t\t<img decoding=\"async\" width=\"960\" height=\"640\" src=\"https:\/\/www.open-up.ch\/wp-content\/uploads\/2021\/02\/210205-livio-wehr-1024x683.jpg\" class=\"attachment-large size-large wp-image-27219\" alt=\"\" srcset=\"https:\/\/www.open-up.ch\/wp-content\/uploads\/2021\/02\/210205-livio-wehr-1024x683.jpg 1024w, https:\/\/www.open-up.ch\/wp-content\/uploads\/2021\/02\/210205-livio-wehr-300x200.jpg 300w, https:\/\/www.open-up.ch\/wp-content\/uploads\/2021\/02\/210205-livio-wehr-768x512.jpg 768w, https:\/\/www.open-up.ch\/wp-content\/uploads\/2021\/02\/210205-livio-wehr-1536x1024.jpg 1536w, https:\/\/www.open-up.ch\/wp-content\/uploads\/2021\/02\/210205-livio-wehr-2048x1366.jpg 2048w\" sizes=\"(max-width: 960px) 100vw, 960px\" \/>\t\t\t\t\t\t\t\t\t\t\t\t\t\t\t<\/div>\n\t\t\t\t<\/div>\n\t\t\t\t<div class=\"elementor-element elementor-element-79310f5 elementor-widget elementor-widget-text-editor\" data-id=\"79310f5\" data-element_type=\"widget\" data-e-type=\"widget\" data-widget_type=\"text-editor.default\">\n\t\t\t\t<div class=\"elementor-widget-container\">\n\t\t\t\t\t\t\t\t\t<p>Apr\u00e8s mes \u00e9tudes de master en sciences de la communication et du journalisme puis en politique \u00e0 l&#8217;universit\u00e9 de Zurich, compl\u00e9t\u00e9 par un semestre d&#8217;\u00e9change \u00e0 la Waseda University de Tokyo (Japon), j&#8217;ai fait mes premiers pas en agence dans une petite agence de communication pour laquelle j&#8217;avais d\u00e9j\u00e0 travaill\u00e9 en tant qu&#8217;\u00e9tudiant salari\u00e9. Parall\u00e8lement \u00e0 mes \u00e9tudes, j&#8217;ai pu acqu\u00e9rir pendant de nombreuses ann\u00e9es de l&#8217;exp\u00e9rience dans le secteur des m\u00e9dias, aussi bien dans la presse \u00e9crite qu&#8217;en ligne. Chez open up, je suis responsable de clients issus de diff\u00e9rents secteurs tels que la construction, le tourisme, l&#8217;automobile ou l&#8217;\u00e9ducation.<\/p>\t\t\t\t\t\t\t\t<\/div>\n\t\t\t\t<\/div>\n\t\t\t\t\t<\/div>\n\t\t<\/div>\n\t\t\t\t\t<\/div>\n\t\t<\/section>\n\t\t\t\t<section class=\"elementor-section elementor-top-section elementor-element elementor-element-0d76cf3 elementor-section-full_width left elementor-section-height-default elementor-section-height-default\" data-id=\"0d76cf3\" data-element_type=\"section\" data-e-type=\"section\" data-settings=\"{&quot;background_background&quot;:&quot;classic&quot;}\">\n\t\t\t\t\t\t<div class=\"elementor-container elementor-column-gap-default\">\n\t\t\t\t\t<div class=\"elementor-column elementor-col-50 elementor-top-column elementor-element elementor-element-7a0979f\" data-id=\"7a0979f\" data-element_type=\"column\" data-e-type=\"column\">\n\t\t\t<div class=\"elementor-widget-wrap\">\n\t\t\t\t\t\t\t<\/div>\n\t\t<\/div>\n\t\t\t\t<div class=\"elementor-column elementor-col-50 elementor-top-column elementor-element elementor-element-10cf101\" data-id=\"10cf101\" data-element_type=\"column\" data-e-type=\"column\">\n\t\t\t<div class=\"elementor-widget-wrap elementor-element-populated\">\n\t\t\t\t\t\t<div class=\"elementor-element elementor-element-0f1625a elementor-widget elementor-widget-text-editor\" data-id=\"0f1625a\" data-element_type=\"widget\" data-e-type=\"widget\" data-widget_type=\"text-editor.default\">\n\t\t\t\t<div class=\"elementor-widget-container\">\n\t\t\t\t\t\t\t\t\t<p style=\"text-align: right;\"><strong>#Livio F\u00fcrer<br \/><\/strong><a href=\"mailto:livio.fuerer@open-up.ch\">livio.fuerer@open-up.ch<\/a><br \/>+41 44 295 90 42<\/p>\t\t\t\t\t\t\t\t<\/div>\n\t\t\t\t<\/div>\n\t\t\t\t<div class=\"elementor-element elementor-element-278dbc9 elementor-view-stacked elementor-shape-circle elementor-widget elementor-widget-icon\" data-id=\"278dbc9\" data-element_type=\"widget\" data-e-type=\"widget\" data-widget_type=\"icon.default\">\n\t\t\t\t<div class=\"elementor-widget-container\">\n\t\t\t\t\t\t\t<div class=\"elementor-icon-wrapper\">\n\t\t\t<a class=\"elementor-icon\" href=\"https:\/\/www.linkedin.com\/in\/livio-f\u00fcrer-96625a145\/\" target=\"_blank\">\n\t\t\t<i aria-hidden=\"true\" class=\"fab fa-linkedin-in\"><\/i>\t\t\t<\/a>\n\t\t<\/div>\n\t\t\t\t\t\t<\/div>\n\t\t\t\t<\/div>\n\t\t\t\t<div class=\"elementor-element elementor-element-4b2ffe8 elementor-widget elementor-widget-text-editor\" data-id=\"4b2ffe8\" data-element_type=\"widget\" data-e-type=\"widget\" data-widget_type=\"text-editor.default\">\n\t\t\t\t<div class=\"elementor-widget-container\">\n\t\t\t\t\t\t\t\t\t<p style=\"text-align: right;\">#werdinseli #wandern #reiselust #vwbus #hundedad #printzeitungen #tokyo\u00a0<\/p>\t\t\t\t\t\t\t\t<\/div>\n\t\t\t\t<\/div>\n\t\t\t\t<div class=\"elementor-element elementor-element-fabdb1a elementor-widget elementor-widget-image\" data-id=\"fabdb1a\" data-element_type=\"widget\" data-e-type=\"widget\" data-widget_type=\"image.default\">\n\t\t\t\t<div class=\"elementor-widget-container\">\n\t\t\t\t\t\t\t\t\t\t\t\t\t\t\t<img decoding=\"async\" width=\"960\" height=\"640\" src=\"https:\/\/www.open-up.ch\/wp-content\/uploads\/2021\/02\/210205-livio-bank-1024x683.jpg\" class=\"attachment-large size-large wp-image-27221\" alt=\"\" srcset=\"https:\/\/www.open-up.ch\/wp-content\/uploads\/2021\/02\/210205-livio-bank-1024x683.jpg 1024w, https:\/\/www.open-up.ch\/wp-content\/uploads\/2021\/02\/210205-livio-bank-300x200.jpg 300w, https:\/\/www.open-up.ch\/wp-content\/uploads\/2021\/02\/210205-livio-bank-768x512.jpg 768w, https:\/\/www.open-up.ch\/wp-content\/uploads\/2021\/02\/210205-livio-bank-1536x1024.jpg 1536w, https:\/\/www.open-up.ch\/wp-content\/uploads\/2021\/02\/210205-livio-bank-2048x1366.jpg 2048w\" sizes=\"(max-width: 960px) 100vw, 960px\" \/>\t\t\t\t\t\t\t\t\t\t\t\t\t\t\t<\/div>\n\t\t\t\t<\/div>\n\t\t\t\t\t<\/div>\n\t\t<\/div>\n\t\t\t\t\t<\/div>\n\t\t<\/section>\n\t\t\t\t<section class=\"elementor-section elementor-top-section elementor-element elementor-element-fbb59b5 elementor-section-full_width left right elementor-section-height-default elementor-section-height-default\" data-id=\"fbb59b5\" data-element_type=\"section\" data-e-type=\"section\">\n\t\t\t\t\t\t<div class=\"elementor-container elementor-column-gap-default\">\n\t\t\t\t\t<div class=\"elementor-column elementor-col-100 elementor-top-column elementor-element elementor-element-9a5b685\" data-id=\"9a5b685\" data-element_type=\"column\" data-e-type=\"column\">\n\t\t\t<div class=\"elementor-widget-wrap elementor-element-populated\">\n\t\t\t\t\t\t<div class=\"elementor-element elementor-element-de3c157 elementor-widget elementor-widget-ee-breadcrumbs\" data-id=\"de3c157\" data-element_type=\"widget\" data-e-type=\"widget\" data-widget_type=\"ee-breadcrumbs.default\">\n\t\t\t\t<div class=\"elementor-widget-container\">\n\t\t\t\t\t<ul class=\"ee-breadcrumbs\" itemscope=\"\" itemtype=\"http:\/\/schema.org\/BreadcrumbList\"><\/ul>\t\t\t\t<\/div>\n\t\t\t\t<\/div>\n\t\t\t\t\t<\/div>\n\t\t<\/div>\n\t\t\t\t\t<\/div>\n\t\t<\/section>\n\t\t\t\t<section class=\"elementor-section elementor-top-section elementor-element elementor-element-3e36249 elementor-section-stretched elementor-section-full_width linkcolorblue elementor-section-height-default elementor-section-height-default\" data-id=\"3e36249\" data-element_type=\"section\" data-e-type=\"section\" data-settings=\"{&quot;stretch_section&quot;:&quot;section-stretched&quot;,&quot;background_background&quot;:&quot;classic&quot;}\">\n\t\t\t\t\t\t<div class=\"elementor-container elementor-column-gap-default\">\n\t\t\t\t\t<div class=\"elementor-column elementor-col-100 elementor-top-column elementor-element elementor-element-aaefa21\" data-id=\"aaefa21\" data-element_type=\"column\" data-e-type=\"column\">\n\t\t\t<div class=\"elementor-widget-wrap elementor-element-populated\">\n\t\t\t\t\t\t<div class=\"elementor-element elementor-element-4befd7b elementor-widget elementor-widget-spacer\" data-id=\"4befd7b\" data-element_type=\"widget\" data-e-type=\"widget\" data-widget_type=\"spacer.default\">\n\t\t\t\t<div class=\"elementor-widget-container\">\n\t\t\t\t\t\t\t<div class=\"elementor-spacer\">\n\t\t\t<div class=\"elementor-spacer-inner\"><\/div>\n\t\t<\/div>\n\t\t\t\t\t\t<\/div>\n\t\t\t\t<\/div>\n\t\t\t\t\t<\/div>\n\t\t<\/div>\n\t\t\t\t\t<\/div>\n\t\t<\/section>\n\t\t\t\t<\/div>\n\t\t","protected":false},"excerpt":{"rendered":"<p>Livio F\u00fcrer Lieu pr\u00e9f\u00e9r\u00e9 Ces derni\u00e8res ann\u00e9es, la Werdinsel est devenue mon lieu pr\u00e9f\u00e9r\u00e9 \u00e0 Zurich, car l&#8217;\u00eele, situ\u00e9e entre la Limmat et un canal d&#8217;eau artificiel, relie de nombreuses choses que j&#8217;aime les dimanches, \u00e0 toutes les saisons. Depuis que je suis en ville, mon fief se trouve dans le Kreis 6, pr\u00e8s du &#8230; <a title=\"\u1397 Livio F\u00fcrer\" class=\"read-more\" href=\"https:\/\/www.open-up.ch\/fr\/equipe\/livio-fuerer\/\">Lire la suite<span class=\"screen-reader-text\">\u1397 Livio F\u00fcrer<\/span><\/a><\/p>\n","protected":false},"author":10,"featured_media":0,"parent":28684,"menu_order":0,"comment_status":"closed","ping_status":"closed","template":"elementor_header_footer","meta":{"_acf_changed":false,"inline_featured_image":false,"footnotes":""},"class_list":["post-28040","page","type-page","status-publish"],"acf":[],"yoast_head":"<!-- This site is optimized with the Yoast SEO plugin v27.4 - https:\/\/yoast.com\/product\/yoast-seo-wordpress\/ -->\n<title>\u1397 Livio F\u00fcrer - open up<\/title>\n<meta name=\"robots\" content=\"index, follow, max-snippet:-1, max-image-preview:large, max-video-preview:-1\" \/>\n<link rel=\"canonical\" href=\"https:\/\/www.open-up.ch\/fr\/equipe\/livio-fuerer\/\" \/>\n<meta property=\"og:locale\" content=\"fr_FR\" \/>\n<meta property=\"og:type\" content=\"article\" \/>\n<meta property=\"og:title\" content=\"\u1397 Livio F\u00fcrer - open up\" \/>\n<meta property=\"og:description\" content=\"Livio F\u00fcrer Lieu pr\u00e9f\u00e9r\u00e9 Ces derni\u00e8res ann\u00e9es, la Werdinsel est devenue mon lieu pr\u00e9f\u00e9r\u00e9 \u00e0 Zurich, car l&#8217;\u00eele, situ\u00e9e entre la Limmat et un canal d&#8217;eau artificiel, relie de nombreuses choses que j&#8217;aime les dimanches, \u00e0 toutes les saisons. Depuis que je suis en ville, mon fief se trouve dans le Kreis 6, pr\u00e8s du ... Lire la suite\u1397 Livio F\u00fcrer\" \/>\n<meta property=\"og:url\" content=\"https:\/\/www.open-up.ch\/fr\/equipe\/livio-fuerer\/\" \/>\n<meta property=\"og:site_name\" content=\"open up\" \/>\n<meta property=\"article:modified_time\" content=\"2024-07-07T09:33:53+00:00\" \/>\n<meta property=\"og:image\" content=\"https:\/\/www.open-up.ch\/wp-content\/uploads\/2021\/02\/210205-wehr-wasser-1024x683.jpg\" \/>\n<meta name=\"twitter:card\" content=\"summary_large_image\" \/>\n<meta name=\"twitter:label1\" content=\"Dur\u00e9e de lecture estim\u00e9e\" \/>\n\t<meta name=\"twitter:data1\" content=\"5 minutes\" \/>\n<!-- \/ Yoast SEO plugin. -->","yoast_head_json":{"title":"\u1397 Livio F\u00fcrer - open up","robots":{"index":"index","follow":"follow","max-snippet":"max-snippet:-1","max-image-preview":"max-image-preview:large","max-video-preview":"max-video-preview:-1"},"canonical":"https:\/\/www.open-up.ch\/fr\/equipe\/livio-fuerer\/","og_locale":"fr_FR","og_type":"article","og_title":"\u1397 Livio F\u00fcrer - open up","og_description":"Livio F\u00fcrer Lieu pr\u00e9f\u00e9r\u00e9 Ces derni\u00e8res ann\u00e9es, la Werdinsel est devenue mon lieu pr\u00e9f\u00e9r\u00e9 \u00e0 Zurich, car l&#8217;\u00eele, situ\u00e9e entre la Limmat et un canal d&#8217;eau artificiel, relie de nombreuses choses que j&#8217;aime les dimanches, \u00e0 toutes les saisons. Depuis que je suis en ville, mon fief se trouve dans le Kreis 6, pr\u00e8s du ... Lire la suite\u1397 Livio F\u00fcrer","og_url":"https:\/\/www.open-up.ch\/fr\/equipe\/livio-fuerer\/","og_site_name":"open up","article_modified_time":"2024-07-07T09:33:53+00:00","og_image":[{"url":"https:\/\/www.open-up.ch\/wp-content\/uploads\/2021\/02\/210205-wehr-wasser-1024x683.jpg","type":"","width":"","height":""}],"twitter_card":"summary_large_image","twitter_misc":{"Dur\u00e9e de lecture estim\u00e9e":"5 minutes"},"schema":{"@context":"https:\/\/schema.org","@graph":[{"@type":"WebPage","@id":"https:\/\/www.open-up.ch\/fr\/equipe\/livio-fuerer\/","url":"https:\/\/www.open-up.ch\/fr\/equipe\/livio-fuerer\/","name":"\u1397 Livio F\u00fcrer - open up","isPartOf":{"@id":"https:\/\/www.open-up.ch\/en\/#website"},"primaryImageOfPage":{"@id":"https:\/\/www.open-up.ch\/fr\/equipe\/livio-fuerer\/#primaryimage"},"image":{"@id":"https:\/\/www.open-up.ch\/fr\/equipe\/livio-fuerer\/#primaryimage"},"thumbnailUrl":"https:\/\/www.open-up.ch\/wp-content\/uploads\/2021\/02\/210205-wehr-wasser-1024x683.jpg","datePublished":"2021-02-09T14:33:44+00:00","dateModified":"2024-07-07T09:33:53+00:00","breadcrumb":{"@id":"https:\/\/www.open-up.ch\/fr\/equipe\/livio-fuerer\/#breadcrumb"},"inLanguage":"fr-FR","potentialAction":[{"@type":"ReadAction","target":["https:\/\/www.open-up.ch\/fr\/equipe\/livio-fuerer\/"]}]},{"@type":"ImageObject","inLanguage":"fr-FR","@id":"https:\/\/www.open-up.ch\/fr\/equipe\/livio-fuerer\/#primaryimage","url":"https:\/\/www.open-up.ch\/wp-content\/uploads\/2021\/02\/210205-wehr-wasser-1024x683.jpg","contentUrl":"https:\/\/www.open-up.ch\/wp-content\/uploads\/2021\/02\/210205-wehr-wasser-1024x683.jpg"},{"@type":"BreadcrumbList","@id":"https:\/\/www.open-up.ch\/fr\/equipe\/livio-fuerer\/#breadcrumb","itemListElement":[{"@type":"ListItem","position":1,"name":"Home","item":"https:\/\/www.open-up.ch\/fr\/"},{"@type":"ListItem","position":2,"name":"\u1397 \u00c9quipe","item":"https:\/\/www.open-up.ch\/fr\/equipe\/"},{"@type":"ListItem","position":3,"name":"\u1397 Livio F\u00fcrer"}]},{"@type":"WebSite","@id":"https:\/\/www.open-up.ch\/en\/#website","url":"https:\/\/www.open-up.ch\/en\/","name":"open up","description":"","potentialAction":[{"@type":"SearchAction","target":{"@type":"EntryPoint","urlTemplate":"https:\/\/www.open-up.ch\/en\/?s={search_term_string}"},"query-input":{"@type":"PropertyValueSpecification","valueRequired":true,"valueName":"search_term_string"}}],"inLanguage":"fr-FR"}]}},"_links":{"self":[{"href":"https:\/\/www.open-up.ch\/fr\/wp-json\/wp\/v2\/pages\/28040","targetHints":{"allow":["GET"]}}],"collection":[{"href":"https:\/\/www.open-up.ch\/fr\/wp-json\/wp\/v2\/pages"}],"about":[{"href":"https:\/\/www.open-up.ch\/fr\/wp-json\/wp\/v2\/types\/page"}],"author":[{"embeddable":true,"href":"https:\/\/www.open-up.ch\/fr\/wp-json\/wp\/v2\/users\/10"}],"replies":[{"embeddable":true,"href":"https:\/\/www.open-up.ch\/fr\/wp-json\/wp\/v2\/comments?post=28040"}],"version-history":[{"count":10,"href":"https:\/\/www.open-up.ch\/fr\/wp-json\/wp\/v2\/pages\/28040\/revisions"}],"predecessor-version":[{"id":36027,"href":"https:\/\/www.open-up.ch\/fr\/wp-json\/wp\/v2\/pages\/28040\/revisions\/36027"}],"up":[{"embeddable":true,"href":"https:\/\/www.open-up.ch\/fr\/wp-json\/wp\/v2\/pages\/28684"}],"wp:attachment":[{"href":"https:\/\/www.open-up.ch\/fr\/wp-json\/wp\/v2\/media?parent=28040"}],"curies":[{"name":"wp","href":"https:\/\/api.w.org\/{rel}","templated":true}]}}